{"id":375,"date":"2020-08-26T06:45:41","date_gmt":"2020-08-26T04:45:41","guid":{"rendered":"https:\/\/www.denovomovemento.com\/sobre-mi\/"},"modified":"2022-05-16T14:57:30","modified_gmt":"2022-05-16T12:57:30","slug":"sobre-min","status":"publish","type":"page","link":"https:\/\/www.denovomovemento.com\/gl\/sobre-min\/","title":{"rendered":"Sobre min"},"content":{"rendered":"<p>[vc_section][vc_row][vc_column el_class=&#8221;container&#8221;][vc_empty_space height=&#8221;100px&#8221;]    <div id=\"\" class=\"row\">\n            <div class=\"col-lg-6\">\n        [vc_column_text]<\/p>\n<div class=\"img-back-dot img-side-nuestros-servicios\" data-aos=\"fade-right\"><img class=\"img-fluid\" src=\"https:\/\/www.denovomovemento.com\/wp-content\/uploads\/2020\/09\/entrenador-personal-a-coruna.jpg\" \/><\/div>\n<p>[\/vc_column_text]    <\/div>\n    <div class=\"col-lg-6\">\n        [vc_column_text]    <div class=\"section-title \" data-aos=\"fade-up\">\n            <h3>DENOVO MOVEMENTO<\/h3>\n            <h2>ISMAEL NOVO<\/h2>\n          <\/div>\n[\/vc_column_text][vc_column_text]Detr\u00e1s de <strong>Denovo Movemento<\/strong> at\u00f3pase <strong>Ismael Novo Souto<\/strong>, graduado en Ciencias da Actividade F\u00edsica e o Deporte pola Universidade da Coru\u00f1a, colexiado n\u00ba 59412.<\/p>\n<p>Tras dedicar os \u00faltimos <strong>10 anos<\/strong> a acumular experiencia e formaci\u00f3n neste sector, cr\u00e9ase este proxecto coa ilusi\u00f3n e a paix\u00f3n de poder <strong>axudar \u00e1 xente a conseguir os seus obxectivos<\/strong>.<\/p>\n<blockquote><p>Cada persoa \u00e9 diferente, por esta raz\u00f3n, dende a experiencia e a ciencia ad\u00e1ptase cada adestramento \u00e1s necesidades e caracter\u00edsticas do cliente.<\/p><\/blockquote>\n<p>[\/vc_column_text]    <\/div>\n    <\/div>\n[\/vc_column][\/vc_row][\/vc_section][vc_section el_class=&#8221;pt-0&#8243;][vc_row][vc_column el_class=&#8221;container&#8221;][vc_separator el_class=&#8221;sep-footer&#8221;][vc_column_text]    <div class=\"section-title title-border-top\" data-aos=\"fade-up\">\n            <h2>Para @s que queirades saber m\u00e1is sobre min...<\/h2>\n          <\/div>\n[\/vc_column_text][vc_row_inner][vc_column_inner width=&#8221;1\/2&#8243;][vc_column_text]Comecei os meus estudos co <strong>Ciclo de T\u00e9cnico Superior en Animaci\u00f3n de Actividades F\u00edsicas e Deportivas<\/strong>. Durante esa etapa fixen os cursos de <strong>Socorrismo, Monitor de Nataci\u00f3n e Monitor de Fisioculturismo e Fitness<\/strong>. Co obxectivo de seguir form\u00e1ndome, decid\u00edn estudar o <strong>Grao de Ciencias da Actividade F\u00edsica e o Deporte<\/strong> na Coru\u00f1a, \u00e1 vez que cursei o <strong>M\u00e1ster de Profesorado<\/strong>.<\/p>\n<p>Desde o inicio da mi\u00f1a formaci\u00f3n acad\u00e9mica traballei ligado \u00f3 rendemento e \u00e1 sa\u00fade, desenvolvendo os labores de <strong>preparaci\u00f3n f\u00edsica<\/strong> en equipos de f\u00fatbol, <strong>readaptaci\u00f3n de lesi\u00f3ns, rendemento e adestramento persoal.<\/strong>[\/vc_column_text][\/vc_column_inner][vc_column_inner width=&#8221;1\/2&#8243;][vc_column_text]Tiven a sorte de facer as pr\u00e1cticas no Real Club Deportivo de la Coru\u00f1a, o que me levou a cursar o <strong>Ciclo Medio de T\u00e9cnico Deportivo en F\u00fatbol (Nivel II)<\/strong>. Isto axudoume a poder seguir ligado \u00f3 f\u00fatbol en clubs pr\u00f3ximos como o Atl\u00e9tico Arteixo, Atl\u00e9tico Coru\u00f1a Monta\u00f1eros CF ou o Victoria CF.<\/p>\n<p>Contin\u00fao form\u00e1ndome con cursos especializados na preparaci\u00f3n f\u00edsica e o adestramento. <strong>Recentemente rematei as certificaci\u00f3ns de <em>Elements System<\/em>, Efficientfootball e Ximnasia Cerebral.<\/strong>[\/vc_column_text][\/vc_column_inner][\/vc_row_inner][\/vc_column][\/vc_row][\/vc_section][vc_section el_class=&#8221;section-gray&#8221;][vc_row][vc_column el_class=&#8221;container&#8221;][vc_column_text]    <div class=\"section-title \" data-aos=\"fade-up\">\n            <h3>A MI\u00d1A FILOSOF\u00cdA<\/h3>\n            <h2>NORMALIDADE, PROFESIONALIDADE, EMPAT\u00cdA E HUMANIDADE<\/h2>\n          <\/div>\n[\/vc_column_text][vc_row_inner][vc_column_inner width=&#8221;1\/2&#8243;][vc_column_text]A normalidade, profesionalidade, empat\u00eda e humanidade son os alicerces sobre os que traballo no d\u00eda a d\u00eda.<\/p>\n<p><strong>Cada persoa \u00e9 diferente e necesita da m\u00e1xima predisposici\u00f3n do adestrador<\/strong>, que o entenda, que lle amose o cami\u00f1o e que o acompa\u00f1e no percorrido. Considero que <strong>o \u00e9xito de cada cliente \u00e9 tam\u00e9n o meu \u00e9xito<\/strong>. A mi\u00f1a ocupaci\u00f3n \u00e9 \u00a0traballar para alcanzar ese obxectivo.<\/p>\n<p>As cualidades mencionadas anteriormente unidas \u00e1 confianza no traballo desenvolvido polas d\u00faas partes, xerar\u00e1n <strong>o ambiente perfecto para que academos o obxectivo preestablecido.<\/strong><\/p>\n<p>Non s\u00f3 \u00e9 importante o logro final sen\u00f3n tam\u00e9n a superaci\u00f3n das pequenas metas plantexadas no d\u00eda a d\u00eda. Esa persoa que ti\u00f1a como \u00fanico prop\u00f3sito baixar de peso e\u00a0 que conseguiu unha vida activa para sempre ou aqueloutra que, mentres se recuperaba dunha lesi\u00f3n, deixou atr\u00e1s a vida sedentaria que ti\u00f1a.<\/p>\n<p><strong>Conf\u00edo nun proxecto global e no dese\u00f1o de pequenas metas que nos conduzan \u00f3s cambios permanentes<\/strong>, alonx\u00e1ndome da busca de cambios r\u00e1pidos pero ef\u00edmeros producidos\u00a0 polo desexo da inmediatez \u00a0que impera na nosa sociedade.[\/vc_column_text][\/vc_column_inner][vc_column_inner width=&#8221;1\/2&#8243;][vc_column_text el_class=&#8221;img-pl-80&#8243;]<img class=\"img-fluid\" src=\"https:\/\/www.denovomovemento.com\/wp-content\/uploads\/2020\/10\/entrenamiento-personal-galicia.png\" alt=\"Entrenamiento Personal Galicia\" data-aos=\"fade-left\" \/>[\/vc_column_text][\/vc_column_inner][\/vc_row_inner][\/vc_column][\/vc_row][\/vc_section][vc_section][vc_row][vc_column el_class=&#8221;container&#8221;][vc_column_text css=&#8221;.vc_custom_1652705848644{background-image: url(https:\/\/www.denovomovemento.com\/wp-content\/uploads\/2020\/09\/logra-tus-objetivos.jpg?id=134) !important;}&#8221; el_class=&#8221;div-back-dot banner section-with-overlay&#8221;]    <div class=\"section-title light\" data-aos=\"fade-up\">\n            <h3>\u00bfCOMEZAMOS?<\/h3>\n            <h2>P\u00d3\u00d1ASE EN CONTACTO CONNOSCO<\/h2>\n          <\/div>\n P\u00f3\u00f1ase en contacto connosco para comezar a falar dos seus obxectivos e como logralos, ou para responder a calquera d\u00fabida ou suxesti\u00f3n que te\u00f1a sobre os nosos servizos.<\/p>\n<p><a class=\"btn btn-primary\" href=\"https:\/\/www.denovomovemento.com\/gl\/contacto\/\">CONTACTAR<\/a>[\/vc_column_text][\/vc_column][\/vc_row][\/vc_section]<\/p>\n","protected":false},"excerpt":{"rendered":"<p>[vc_section][vc_row][vc_column el_class=&#8221;container&#8221;][vc_empty_space height=&#8221;100px&#8221;][\/vc_column][\/vc_row][\/vc_section][vc_section el_class=&#8221;pt-0&#8243;][vc_row][vc_column el_class=&#8221;container&#8221;][vc_separator el_class=&#8221;sep-footer&#8221;][vc_column_text][\/vc_column_text][vc_row_inner][vc_column_inner width=&#8221;1\/2&#8243;][vc_column_text]Comecei os meus estudos co Ciclo de T\u00e9cnico Superior en Animaci\u00f3n de Actividades F\u00edsicas e Deportivas. Durante esa etapa fixen os cursos de Socorrismo, Monitor de Nataci\u00f3n e Monitor de Fisioculturismo e Fitness. Co obxectivo de seguir form\u00e1ndome, decid\u00edn estudar o Grao de Ciencias da Actividade F\u00edsica e o [&hellip;]<\/p>\n","protected":false},"author":1,"featured_media":0,"parent":0,"menu_order":0,"comment_status":"closed","ping_status":"closed","template":"","meta":[],"yoast_head":"<!-- This site is optimized with the Yoast SEO plugin v18.8 - https:\/\/yoast.com\/wordpress\/plugins\/seo\/ -->\n<title>Sobre min - Denovo Movemento<\/title>\n<meta name=\"robots\" content=\"index, follow, max-snippet:-1, max-image-preview:large, max-video-preview:-1\" \/>\n<link rel=\"canonical\" href=\"https:\/\/www.denovomovemento.com\/gl\/sobre-min\/\" \/>\n<meta property=\"og:locale\" content=\"gl_ES\" \/>\n<meta property=\"og:type\" content=\"article\" \/>\n<meta property=\"og:title\" content=\"Sobre min - Denovo Movemento\" \/>\n<meta property=\"og:description\" content=\"[vc_section][vc_row][vc_column el_class=&#8221;container&#8221;][vc_empty_space height=&#8221;100px&#8221;][\/vc_column][\/vc_row][\/vc_section][vc_section el_class=&#8221;pt-0&#8243;][vc_row][vc_column el_class=&#8221;container&#8221;][vc_separator el_class=&#8221;sep-footer&#8221;][vc_column_text][\/vc_column_text][vc_row_inner][vc_column_inner width=&#8221;1\/2&#8243;][vc_column_text]Comecei os meus estudos co Ciclo de T\u00e9cnico Superior en Animaci\u00f3n de Actividades F\u00edsicas e Deportivas. Durante esa etapa fixen os cursos de Socorrismo, Monitor de Nataci\u00f3n e Monitor de Fisioculturismo e Fitness. Co obxectivo de seguir form\u00e1ndome, decid\u00edn estudar o Grao de Ciencias da Actividade F\u00edsica e o [&hellip;]\" \/>\n<meta property=\"og:url\" content=\"https:\/\/www.denovomovemento.com\/gl\/sobre-min\/\" \/>\n<meta property=\"og:site_name\" content=\"Denovo Movemento\" \/>\n<meta property=\"article:modified_time\" content=\"2022-05-16T12:57:30+00:00\" \/>\n<meta property=\"og:image\" content=\"https:\/\/www.denovomovemento.com\/wp-content\/uploads\/2020\/09\/entrenador-personal-a-coruna.jpg\" \/>\n<meta name=\"twitter:card\" content=\"summary_large_image\" \/>\n<meta name=\"twitter:label1\" content=\"Tempo de lectura\" \/>\n\t<meta name=\"twitter:data1\" content=\"3 minutos\" \/>\n<script type=\"application\/ld+json\" class=\"yoast-schema-graph\">{\"@context\":\"https:\/\/schema.org\",\"@graph\":[{\"@type\":\"WebSite\",\"@id\":\"https:\/\/www.denovomovemento.com\/#website\",\"url\":\"https:\/\/www.denovomovemento.com\/\",\"name\":\"Denovo Movemento\",\"description\":\"\",\"potentialAction\":[{\"@type\":\"SearchAction\",\"target\":{\"@type\":\"EntryPoint\",\"urlTemplate\":\"https:\/\/www.denovomovemento.com\/?s={search_term_string}\"},\"query-input\":\"required name=search_term_string\"}],\"inLanguage\":\"gl-ES\"},{\"@type\":\"ImageObject\",\"inLanguage\":\"gl-ES\",\"@id\":\"https:\/\/www.denovomovemento.com\/gl\/sobre-min\/#primaryimage\",\"url\":\"https:\/\/www.denovomovemento.com\/wp-content\/uploads\/2020\/09\/entrenador-personal-a-coruna.jpg\",\"contentUrl\":\"https:\/\/www.denovomovemento.com\/wp-content\/uploads\/2020\/09\/entrenador-personal-a-coruna.jpg\",\"width\":1000,\"height\":1200},{\"@type\":\"WebPage\",\"@id\":\"https:\/\/www.denovomovemento.com\/gl\/sobre-min\/#webpage\",\"url\":\"https:\/\/www.denovomovemento.com\/gl\/sobre-min\/\",\"name\":\"Sobre min - Denovo Movemento\",\"isPartOf\":{\"@id\":\"https:\/\/www.denovomovemento.com\/#website\"},\"primaryImageOfPage\":{\"@id\":\"https:\/\/www.denovomovemento.com\/gl\/sobre-min\/#primaryimage\"},\"datePublished\":\"2020-08-26T04:45:41+00:00\",\"dateModified\":\"2022-05-16T12:57:30+00:00\",\"breadcrumb\":{\"@id\":\"https:\/\/www.denovomovemento.com\/gl\/sobre-min\/#breadcrumb\"},\"inLanguage\":\"gl-ES\",\"potentialAction\":[{\"@type\":\"ReadAction\",\"target\":[\"https:\/\/www.denovomovemento.com\/gl\/sobre-min\/\"]}]},{\"@type\":\"BreadcrumbList\",\"@id\":\"https:\/\/www.denovomovemento.com\/gl\/sobre-min\/#breadcrumb\",\"itemListElement\":[{\"@type\":\"ListItem\",\"position\":1,\"name\":\"Sobre min\"}]}]}<\/script>\n<!-- \/ Yoast SEO plugin. -->","yoast_head_json":{"title":"Sobre min - Denovo Movemento","robots":{"index":"index","follow":"follow","max-snippet":"max-snippet:-1","max-image-preview":"max-image-preview:large","max-video-preview":"max-video-preview:-1"},"canonical":"https:\/\/www.denovomovemento.com\/gl\/sobre-min\/","og_locale":"gl_ES","og_type":"article","og_title":"Sobre min - Denovo Movemento","og_description":"[vc_section][vc_row][vc_column el_class=&#8221;container&#8221;][vc_empty_space height=&#8221;100px&#8221;][\/vc_column][\/vc_row][\/vc_section][vc_section el_class=&#8221;pt-0&#8243;][vc_row][vc_column el_class=&#8221;container&#8221;][vc_separator el_class=&#8221;sep-footer&#8221;][vc_column_text][\/vc_column_text][vc_row_inner][vc_column_inner width=&#8221;1\/2&#8243;][vc_column_text]Comecei os meus estudos co Ciclo de T\u00e9cnico Superior en Animaci\u00f3n de Actividades F\u00edsicas e Deportivas. Durante esa etapa fixen os cursos de Socorrismo, Monitor de Nataci\u00f3n e Monitor de Fisioculturismo e Fitness. Co obxectivo de seguir form\u00e1ndome, decid\u00edn estudar o Grao de Ciencias da Actividade F\u00edsica e o [&hellip;]","og_url":"https:\/\/www.denovomovemento.com\/gl\/sobre-min\/","og_site_name":"Denovo Movemento","article_modified_time":"2022-05-16T12:57:30+00:00","og_image":[{"url":"https:\/\/www.denovomovemento.com\/wp-content\/uploads\/2020\/09\/entrenador-personal-a-coruna.jpg"}],"twitter_card":"summary_large_image","twitter_misc":{"Tempo de lectura":"3 minutos"},"schema":{"@context":"https:\/\/schema.org","@graph":[{"@type":"WebSite","@id":"https:\/\/www.denovomovemento.com\/#website","url":"https:\/\/www.denovomovemento.com\/","name":"Denovo Movemento","description":"","potentialAction":[{"@type":"SearchAction","target":{"@type":"EntryPoint","urlTemplate":"https:\/\/www.denovomovemento.com\/?s={search_term_string}"},"query-input":"required name=search_term_string"}],"inLanguage":"gl-ES"},{"@type":"ImageObject","inLanguage":"gl-ES","@id":"https:\/\/www.denovomovemento.com\/gl\/sobre-min\/#primaryimage","url":"https:\/\/www.denovomovemento.com\/wp-content\/uploads\/2020\/09\/entrenador-personal-a-coruna.jpg","contentUrl":"https:\/\/www.denovomovemento.com\/wp-content\/uploads\/2020\/09\/entrenador-personal-a-coruna.jpg","width":1000,"height":1200},{"@type":"WebPage","@id":"https:\/\/www.denovomovemento.com\/gl\/sobre-min\/#webpage","url":"https:\/\/www.denovomovemento.com\/gl\/sobre-min\/","name":"Sobre min - Denovo Movemento","isPartOf":{"@id":"https:\/\/www.denovomovemento.com\/#website"},"primaryImageOfPage":{"@id":"https:\/\/www.denovomovemento.com\/gl\/sobre-min\/#primaryimage"},"datePublished":"2020-08-26T04:45:41+00:00","dateModified":"2022-05-16T12:57:30+00:00","breadcrumb":{"@id":"https:\/\/www.denovomovemento.com\/gl\/sobre-min\/#breadcrumb"},"inLanguage":"gl-ES","potentialAction":[{"@type":"ReadAction","target":["https:\/\/www.denovomovemento.com\/gl\/sobre-min\/"]}]},{"@type":"BreadcrumbList","@id":"https:\/\/www.denovomovemento.com\/gl\/sobre-min\/#breadcrumb","itemListElement":[{"@type":"ListItem","position":1,"name":"Sobre min"}]}]}},"_links":{"self":[{"href":"https:\/\/www.denovomovemento.com\/gl\/wp-json\/wp\/v2\/pages\/375"}],"collection":[{"href":"https:\/\/www.denovomovemento.com\/gl\/wp-json\/wp\/v2\/pages"}],"about":[{"href":"https:\/\/www.denovomovemento.com\/gl\/wp-json\/wp\/v2\/types\/page"}],"author":[{"embeddable":true,"href":"https:\/\/www.denovomovemento.com\/gl\/wp-json\/wp\/v2\/users\/1"}],"replies":[{"embeddable":true,"href":"https:\/\/www.denovomovemento.com\/gl\/wp-json\/wp\/v2\/comments?post=375"}],"version-history":[{"count":5,"href":"https:\/\/www.denovomovemento.com\/gl\/wp-json\/wp\/v2\/pages\/375\/revisions"}],"predecessor-version":[{"id":427,"href":"https:\/\/www.denovomovemento.com\/gl\/wp-json\/wp\/v2\/pages\/375\/revisions\/427"}],"wp:attachment":[{"href":"https:\/\/www.denovomovemento.com\/gl\/wp-json\/wp\/v2\/media?parent=375"}],"curies":[{"name":"wp","href":"https:\/\/api.w.org\/{rel}","templated":true}]}}